{"id":9751,"date":"2023-05-04T15:46:47","date_gmt":"2023-05-04T15:46:47","guid":{"rendered":"https:\/\/elfan.fr\/?page_id=9751"},"modified":"2023-05-04T16:00:28","modified_gmt":"2023-05-04T16:00:28","slug":"mentions-legales","status":"publish","type":"page","link":"https:\/\/elfan.fr\/en\/mentions-legales\/","title":{"rendered":"Mentions l\u00e9gales"},"content":{"rendered":"\t\t<div data-elementor-type=\"wp-page\" data-elementor-id=\"9751\" class=\"elementor elementor-9751\">\n\t\t\t\t\t\t\t\t\t<section class=\"elementor-section elementor-top-section elementor-element elementor-element-24ea3e3 elementor-section-boxed elementor-section-height-default elementor-section-height-default\" data-id=\"24ea3e3\" data-element_type=\"section\">\n\t\t\t\t\t\t<div class=\"elementor-container elementor-column-gap-default\">\n\t\t\t\t\t<div class=\"elementor-column elementor-col-100 elementor-top-column elementor-element elementor-element-b6526a0\" data-id=\"b6526a0\" data-element_type=\"column\">\n\t\t\t<div class=\"elementor-widget-wrap elementor-element-populated\">\n\t\t\t\t\t\t\t\t<div class=\"elementor-element elementor-element-dd32543 elementor-widget elementor-widget-heading\" data-id=\"dd32543\" data-element_type=\"widget\" data-widget_type=\"heading.default\">\n\t\t\t\t<div class=\"elementor-widget-container\">\n\t\t\t<style>\/*! elementor - v3.13.3 - 28-05-2023 *\/\n.elementor-heading-title{padding:0;margin:0;line-height:1}.elementor-widget-heading .elementor-heading-title[class*=elementor-size-]>a{color:inherit;font-size:inherit;line-height:inherit}.elementor-widget-heading .elementor-heading-title.elementor-size-small{font-size:15px}.elementor-widget-heading .elementor-heading-title.elementor-size-medium{font-size:19px}.elementor-widget-heading .elementor-heading-title.elementor-size-large{font-size:29px}.elementor-widget-heading .elementor-heading-title.elementor-size-xl{font-size:39px}.elementor-widget-heading .elementor-heading-title.elementor-size-xxl{font-size:59px}<\/style><h2 class=\"elementor-heading-title elementor-size-large\">MENTIONS LEGALES\n\n\n<\/h2>\t\t<\/div>\n\t\t\t\t<\/div>\n\t\t\t\t\t<\/div>\n\t\t<\/div>\n\t\t\t\t\t\t\t<\/div>\n\t\t<\/section>\n\t\t\t\t<section class=\"elementor-section elementor-top-section elementor-element elementor-element-a5b1280 elementor-section-height-min-height elementor-section-boxed elementor-section-height-default elementor-section-items-middle\" data-id=\"a5b1280\" data-element_type=\"section\">\n\t\t\t\t\t\t<div class=\"elementor-container elementor-column-gap-default\">\n\t\t\t\t\t<div class=\"elementor-column elementor-col-100 elementor-top-column elementor-element elementor-element-e21bf2d\" data-id=\"e21bf2d\" data-element_type=\"column\">\n\t\t\t<div class=\"elementor-widget-wrap elementor-element-populated\">\n\t\t\t\t\t\t\t\t<div class=\"elementor-element elementor-element-870b854 elementor-widget elementor-widget-heading\" data-id=\"870b854\" data-element_type=\"widget\" data-widget_type=\"heading.default\">\n\t\t\t\t<div class=\"elementor-widget-container\">\n\t\t\t<h2 class=\"elementor-heading-title elementor-size-medium\"><b>1. \u00c9DITEUR DE LA PLATEFORME<\/b>\n<br>ELFAN est une Entreprise Individuel ayant son si\u00e8ge \u00e0 S\u00e8vres (92310) <br>Immatricul\u00e9 \/ num\u00e9ro de SIRET 921 092 615 00019. <i>(Ci-apr\u00e8s d\u00e9sign\u00e9e \u00ab ELFAN \u00bb)<\/i>\n\n<br><br><b>2. DIRECTEUR DE LA PUBLICATION<\/b>\n<br>Le directeur de la publication est Madame Fabienne Touma en sa qualit\u00e9 de Directrice G\u00e9n\u00e9rale et fondatrice de ELFAN.\n<b>\n<\/b><br><br><b>3. H\u00c9BERGEUR DE LA PLATEFORME<\/b>\n<br>La Plateforme est h\u00e9berg\u00e9e par HOSTINGER INTERNATIONAL LTD, dont le si\u00e8ge social se situe 61 Lordou Vironos Street, 6023 Larnaca, Chypre, joignable par le moyen suivant : https:\/\/www.hostinger.fr\/contact. \n\n<br><br><b>4. PROPRIETE INTELLECTUELLE<\/b>\n<br>Toute reproduction, rediffusion ou commercialisation totale ou partielle du contenu de la Plateforme est interdite.\n\n<br><br>La Plateforme ainsi que tous les \u00e9l\u00e9ments qui la composent <i>(textes, images, marques, logos ou autres signes distinctifs, logiciels, noms de domaines, bases de donn\u00e9es, \u00e9tudes, dessins, mod\u00e8les, prototypes etc.)<\/i> sont la propri\u00e9t\u00e9 de ELFAN et\/ou la propri\u00e9t\u00e9 de ses partenaires et sont prot\u00e9g\u00e9s par les droits de propri\u00e9t\u00e9 intellectuelle ou par les dispositions relatives au droit \u00e0 l\u2019image.\n\n<br><br>ELFAN accorde \u00e0 l\u2019utilisateur de la Plateforme uniquement un droit de consultation des informations figurant sur la Plateforme et pour un usage strictement personnel. Ainsi, l\u2019ensemble des \u00e9l\u00e9ments pr\u00e9sents sur la Plateforme ne peuvent \u00eatre reproduits, rediffuser e\/ ou commercialiser (etc.) totalement ou partiellement.\n\n<br><br>Toute autre utilisation par l\u2019utilisateur ou reproduction de la Plateforme, d\u2019\u00e9l\u00e9ments de cette derni\u00e8re, ou de donn\u00e9es y aff\u00e9rentes non pr\u00e9alablement, express\u00e9ment et par \u00e9crit autoris\u00e9e par ELFAN est interdite et susceptible de constituer une contrefa\u00e7on au sens de la loi fran\u00e7aise.\n<b>\n<\/b><br><br><b>5. DONNEES PERSONNELLES (FORMULAIRE CONTACT : NOM, PRENOM, ADRESSE MAIL ET REQUETE) <\/b>\n<br>La Plateforme ne d\u00e9pose pas de cookies, ne propose pas de souscription et ne recueille aucune donn\u00e9e personnelle <i>(notamment les donn\u00e9es de connexion et d\u2019identification).<\/i><br><br>\nNonobstant ce qui pr\u00e9c\u00e8de, lorsque l\u2019utilisateur de la Plateforme souhaite contacter ELFAN via la page \u00ab Contact \u00bb de la Plateforme, ce-dernier devra partager des donn\u00e9es personnelles d\u2019identification <i>(Nom, Pr\u00e9nom, Adresse mail et contenu de sa requ\u00eate\/sujet qu\u2019il soul\u00e8ve)<\/i> qui permettront \u00e0 ELFAN de faire suite \u00e0 sa demande de contact. Ainsi, les donn\u00e9es personnelles demand\u00e9es sont collect\u00e9es et trait\u00e9es par ELFAN pour la seule finalit\u00e9 de donner suite et r\u00e9pondre \u00e0 la demande de contact de l\u2019utilisateur concern\u00e9 <i>(qui a fait la demande de contact)<\/i>. <br><br>\nL\u2019utilisateur qui fait une demande de contact via la page \u00ab Contact \u00bb de la Plateforme consent express\u00e9ment \u00e0 ce qu\u2019ELFAN collecte et traite les donn\u00e9es personnelles pr\u00e9cit\u00e9es le concernant pour la seule finalit\u00e9 de traiter la ou les sujets qu\u2019il soul\u00e8ve dans sa demande de contact. \n\n<br><br>Les donn\u00e9es personnelles ainsi recueillies seront imm\u00e9diatement supprim\u00e9es une fois le(s) sujet(s) soulev\u00e9(s) par l\u2019utilisateur dans sa demande de contact sont trait\u00e9es. \nELFAN s\u2019engage \u00e0 prot\u00e9ger les donn\u00e9es personnelles des utilisateurs ayant fait une demande de contact et \u00e0 maintenir, dans la mesure du possible, la s\u00e9curit\u00e9 et la confidentialit\u00e9 de leurs informations personnelles. \n\n<br><br>En tout \u00e9tat de cause, l\u2019utilisateur concern\u00e9 dispose d\u2019un droit d\u2019acc\u00e8s, d\u2019opposition, de rectification et\/ou de suppression des donn\u00e9es qui le concerne en adressant une requ\u00eate \u00e0 ELFAN par courriel \u00e0 l\u2019adresse mail suivante : contact@elfan.fr\nS\u2019il n\u2019est pas fait droit \u00e0 sa demande <i>(relative \u00e0 ses donn\u00e9es personnelles)<\/i>, l\u2019utilisateur concern\u00e9 peut recourir \u00e0 l\u2019autorit\u00e9 de contr\u00f4le : la Commission Nationale de l\u2019Informatique et des Libert\u00e9 (la CNIL).\n\n<br><br><u>Il convient de pr\u00e9ciser que : <\/u>\n\n<br>Les donn\u00e9es personnelles des artistes cat\u00e9goris\u00e9s et publi\u00e9s sur la Plateforme sont recueillies et trait\u00e9es par ELFAN avec l\u2019accord et le consentement des artistes concern\u00e9s et dans le respect des lois sur la protection des donn\u00e9es personnelles, notamment de la loi n\u00b0 78-17 du 6 janvier 1978 modifi\u00e9e et le R\u00e8glement G\u00e9n\u00e9ral sur la Protection des Donn\u00e9es. \n<\/h2>\t\t<\/div>\n\t\t\t\t<\/div>\n\t\t\t\t\t<\/div>\n\t\t<\/div>\n\t\t\t\t\t\t\t<\/div>\n\t\t<\/section>\n\t\t\t\t\t\t\t<\/div>\n\t\t","protected":false},"excerpt":{"rendered":"<p>MENTIONS LEGALES 1. \u00c9DITEUR DE LA PLATEFORME ELFAN est une Entreprise Individuel ayant son si\u00e8ge \u00e0 S\u00e8vres (92310) Immatricul\u00e9 \/ num\u00e9ro de SIRET 921 092 615 00019. (Ci-apr\u00e8s d\u00e9sign\u00e9e \u00ab ELFAN \u00bb) 2. DIRECTEUR DE LA PUBLICATION Le directeur de la publication est Madame Fabienne Touma en sa qualit\u00e9 de Directrice G\u00e9n\u00e9rale et fondatrice de&hellip;&nbsp;<a href=\"https:\/\/elfan.fr\/en\/mentions-legales\/\" class=\"\" rel=\"bookmark\">Read More &raquo;<span class=\"screen-reader-text\">Mentions l\u00e9gales<\/span><\/a><\/p>\n","protected":false},"author":1,"featured_media":0,"parent":0,"menu_order":0,"comment_status":"closed","ping_status":"closed","template":"page-templates\/template-pagebuilder-full-width.php","meta":{"om_disable_all_campaigns":false,"_mi_skip_tracking":false,"neve_meta_sidebar":"","neve_meta_container":"","neve_meta_enable_content_width":"","neve_meta_content_width":0,"neve_meta_title_alignment":"","neve_meta_author_avatar":"","neve_post_elements_order":"","neve_meta_disable_header":"","neve_meta_disable_footer":"","neve_meta_disable_title":"","_themeisle_gutenberg_block_has_review":false,"_ti_tpc_template_sync":false,"_ti_tpc_template_id":""},"translation":{"provider":"WPGlobus","version":"2.10.7","language":"en","enabled_languages":["fr","en"],"languages":{"fr":{"title":true,"content":true,"excerpt":false},"en":{"title":false,"content":false,"excerpt":false}}},"aioseo_notices":[],"_links":{"self":[{"href":"https:\/\/elfan.fr\/en\/wp-json\/wp\/v2\/pages\/9751"}],"collection":[{"href":"https:\/\/elfan.fr\/en\/wp-json\/wp\/v2\/pages"}],"about":[{"href":"https:\/\/elfan.fr\/en\/wp-json\/wp\/v2\/types\/page"}],"author":[{"embeddable":true,"href":"https:\/\/elfan.fr\/en\/wp-json\/wp\/v2\/users\/1"}],"replies":[{"embeddable":true,"href":"https:\/\/elfan.fr\/en\/wp-json\/wp\/v2\/comments?post=9751"}],"version-history":[{"count":17,"href":"https:\/\/elfan.fr\/en\/wp-json\/wp\/v2\/pages\/9751\/revisions"}],"predecessor-version":[{"id":9773,"href":"https:\/\/elfan.fr\/en\/wp-json\/wp\/v2\/pages\/9751\/revisions\/9773"}],"wp:attachment":[{"href":"https:\/\/elfan.fr\/en\/wp-json\/wp\/v2\/media?parent=9751"}],"curies":[{"name":"wp","href":"https:\/\/api.w.org\/{rel}","templated":true}]}}